{"id":60,"date":"2025-04-25T09:54:13","date_gmt":"2025-04-25T09:54:13","guid":{"rendered":"https:\/\/wordpresstestserver.nl\/luka\/?page_id=60"},"modified":"2026-04-13T11:39:53","modified_gmt":"2026-04-13T11:39:53","slug":"agenda","status":"publish","type":"page","link":"https:\/\/mindfulnessvancommenee.nl\/en\/agenda\/","title":{"rendered":"Calendar"},"content":{"rendered":"<p>[et_pb_section fb_built=&#8221;1&#8243; _builder_version=&#8221;4.27.4&#8243; global_colors_info=&#8221;{}&#8221;][et_pb_row column_structure=&#8221;1_2,1_2&#8243; _builder_version=&#8221;4.27.4&#8243; _module_preset=&#8221;default&#8221; global_colors_info=&#8221;{}&#8221;][et_pb_column type=&#8221;1_2&#8243; _builder_version=&#8221;4.27.4&#8243; _module_preset=&#8221;default&#8221; global_colors_info=&#8221;{}&#8221;][et_pb_image src=&#8221;https:\/\/mindfulnessvancommenee.nl\/wp-content\/uploads\/2025\/06\/Agenda-foto-1-1280&#215;2274-2.jpg&#8221; title_text=&#8221;Agenda-foto-1-1280&#215;2274&#8243; _builder_version=&#8221;4.27.4&#8243; _module_preset=&#8221;default&#8221; custom_css_free_form=&#8221;selector img {||  border-radius: 20px;||}&#8221; global_colors_info=&#8221;{}&#8221;][\/et_pb_image][\/et_pb_column][et_pb_column type=&#8221;1_2&#8243; _builder_version=&#8221;4.27.4&#8243; _module_preset=&#8221;default&#8221; global_colors_info=&#8221;{}&#8221;][et_pb_text _builder_version=&#8221;4.27.4&#8243; text_text_color=&#8221;gcid-secondary-color&#8221; text_line_height=&#8221;1.8em&#8221; header_font=&#8221;||||||||&#8221; header_text_color=&#8221;gcid-primary-color&#8221; header_2_font=&#8221;&#8211;et_global_heading_font|600|||||||&#8221; header_2_font_size=&#8221;30px&#8221; header_4_font=&#8221;|600|||||||&#8221; header_4_text_color=&#8221;gcid-primary-color&#8221; header_4_font_size=&#8221;45px&#8221; header_4_line_height=&#8221;1.3em&#8221; custom_margin=&#8221;60px|30px||30px|false|true&#8221; custom_margin_tablet=&#8221;30px||||false|true&#8221; custom_margin_phone=&#8221;10px||||false|true&#8221; custom_margin_last_edited=&#8221;on|phone&#8221; text_font_size_tablet=&#8221;&#8221; text_font_size_phone=&#8221;14px&#8221; text_font_size_last_edited=&#8221;on|phone&#8221; header_2_font_size_phone=&#8221;25px&#8221; global_colors_info=&#8221;{%22gcid-5d3b594c-fc4d-4a76-a5da-127cc13dd666%22:%91%22header_2_text_color%22,%22header_2_text_color%22,%22header_2_text_color%22%93,%22gcid-primary-color%22:%91%22header_text_color%22,%22header_4_text_color%22%93,%22gcid-secondary-color%22:%91%22text_text_color%22%93}&#8221;]<\/p>\n<h2>Calendar<\/h2>\n<p>Heb je interesse in \u00e9\u00e9n van de Mindfulness trainingen die ik aanbied, maar staat er geen passende datum in de agenda? Je mag altijd vrijblijvend contact met me opnemen om de mogelijkheden te bespreken.<\/p>\n<p>[\/et_pb_text][et_pb_button button_url=&#8221;mailto:info@mindfulnessvancommenee.nl?subject=Meer%20informatie&#8221; button_text=&#8221;Klik hier om contact op te nemen&#8221; button_alignment=&#8221;left&#8221; _builder_version=&#8221;4.27.4&#8243; custom_button=&#8221;on&#8221; button_text_size=&#8221;15px&#8221; button_text_color=&#8221;#ffffff&#8221; button_bg_color=&#8221;#c87968&#8243; button_border_width=&#8221;0px&#8221; button_border_color=&#8221;#383838&#8243; button_border_radius=&#8221;0px&#8221; button_font=&#8221;&#8211;et_global_body_font||||||||&#8221; button_use_icon=&#8221;off&#8221; custom_margin=&#8221;|30px||30px|false|true&#8221; custom_margin_tablet=&#8221;|30px||30px|false|true&#8221; custom_margin_phone=&#8221;|0px||0px|false|true&#8221; custom_margin_last_edited=&#8221;on|phone&#8221; custom_padding=&#8221;17px|30px|17px|30px|true|true&#8221; custom_padding_tablet=&#8221;17px|30px|17px|30px|true|true&#8221; custom_padding_phone=&#8221;15px|20px|15px|20px|true|true&#8221; custom_padding_last_edited=&#8221;on|phone&#8221; button_text_size_tablet=&#8221;15px&#8221; button_text_size_phone=&#8221;14px&#8221; button_text_size_last_edited=&#8221;on|phone&#8221; button_font_tablet=&#8221;Poppins|||on|||||&#8221; button_font_phone=&#8221;Poppins|||on|||||&#8221; button_font_last_edited=&#8221;on|desktop&#8221; button_text_color_hover=&#8221;#ffffff&#8221; button_border_color_hover=&#8221;#3FA2F7 &#8221; button_letter_spacing_hover=&#8221;3px&#8221; button_bg_color_hover=&#8221;#3FA2F7 &#8221; global_colors_info=&#8221;{%22gcid-5d3b594c-fc4d-4a76-a5da-127cc13dd666%22:%91%22button_bg_color__hover%22%93}&#8221; button_text_size__hover_enabled=&#8221;off&#8221; button_one_text_size__hover_enabled=&#8221;off&#8221; button_two_text_size__hover_enabled=&#8221;off&#8221; button_text_color__hover_enabled=&#8221;on&#8221; button_text_color__hover=&#8221;#000000&#8243; button_one_text_color__hover_enabled=&#8221;off&#8221; button_two_text_color__hover_enabled=&#8221;off&#8221; button_border_width__hover_enabled=&#8221;off&#8221; button_one_border_width__hover_enabled=&#8221;off&#8221; button_two_border_width__hover_enabled=&#8221;off&#8221; button_border_color__hover_enabled=&#8221;on&#8221; button_border_color__hover=&#8221;#bfbfbf&#8221; button_one_border_color__hover_enabled=&#8221;off&#8221; button_two_border_color__hover_enabled=&#8221;off&#8221; button_border_radius__hover_enabled=&#8221;on|desktop&#8221; button_one_border_radius__hover_enabled=&#8221;off&#8221; button_two_border_radius__hover_enabled=&#8221;off&#8221; button_letter_spacing__hover_enabled=&#8221;off|desktop&#8221; button_letter_spacing__hover=&#8221;2px&#8221; button_one_letter_spacing__hover_enabled=&#8221;off&#8221; button_two_letter_spacing__hover_enabled=&#8221;off&#8221; button_bg_color__hover_enabled=&#8221;on|hover&#8221; button_bg_color__hover=&#8221;#c87968&#8243; button_one_bg_color__hover_enabled=&#8221;off&#8221; button_two_bg_color__hover_enabled=&#8221;off&#8221; button_bg_enable_color__hover=&#8221;on&#8221; button_border_radius__hover=&#8221;0px&#8221;][\/et_pb_button][\/et_pb_column][\/et_pb_row][\/et_pb_section][et_pb_section fb_built=&#8221;1&#8243; admin_label=&#8221;1&#8243; _builder_version=&#8221;4.27.4&#8243; background_color=&#8221;gcid-8544a4e2-27b8-420a-83de-1cee04f2fb29&#8243; global_colors_info=&#8221;{%22gcid-8544a4e2-27b8-420a-83de-1cee04f2fb29%22:%91%22background_color%22%93}&#8221;][et_pb_row column_structure=&#8221;3_5,2_5&#8243; _builder_version=&#8221;4.27.4&#8243; custom_padding=&#8221;40px|0px|40px|0px|true|false&#8221; animation_direction=&#8221;right&#8221; border_color_all=&#8221;rgba(0,0,0,0.12)&#8221; border_width_bottom=&#8221;1px&#8221; global_colors_info=&#8221;{}&#8221;][et_pb_column type=&#8221;3_5&#8243; _builder_version=&#8221;4.16&#8243; custom_padding=&#8221;|||&#8221; global_colors_info=&#8221;{}&#8221; custom_padding__hover=&#8221;|||&#8221;][et_pb_heading title=&#8221;Huidig aanbod&#8221; _builder_version=&#8221;4.27.4&#8243; _module_preset=&#8221;default&#8221; global_colors_info=&#8221;{}&#8221;][\/et_pb_heading][\/et_pb_column][et_pb_column type=&#8221;2_5&#8243; _builder_version=&#8221;4.16&#8243; custom_padding=&#8221;40px|||&#8221; global_colors_info=&#8221;{}&#8221; custom_padding__hover=&#8221;|||&#8221;][\/et_pb_column][\/et_pb_row][et_pb_row column_structure=&#8221;3_5,2_5&#8243; _builder_version=&#8221;4.27.4&#8243; custom_padding=&#8221;40px|0px|40px|0px|true|false&#8221; animation_direction=&#8221;right&#8221; border_color_all=&#8221;rgba(0,0,0,0.12)&#8221; border_width_bottom=&#8221;1px&#8221; global_colors_info=&#8221;{}&#8221;][et_pb_column type=&#8221;3_5&#8243; _builder_version=&#8221;4.16&#8243; custom_padding=&#8221;|||&#8221; global_colors_info=&#8221;{}&#8221; custom_padding__hover=&#8221;|||&#8221;][et_pb_text _builder_version=&#8221;4.27.4&#8243; text_text_color=&#8221;gcid-secondary-color&#8221; header_font=&#8221;||||||||&#8221; header_text_color=&#8221;gcid-primary-color&#8221; header_2_font=&#8221;&#8211;et_global_heading_font|600|||||||&#8221; header_2_font_size=&#8221;30px&#8221; header_4_font=&#8221;|700|||||||&#8221; header_4_text_color=&#8221;gcid-primary-color&#8221; header_4_font_size=&#8221;35px&#8221; header_4_line_height=&#8221;1.3em&#8221; custom_padding=&#8221;2px|||||&#8221; text_font_size_tablet=&#8221;&#8221; text_font_size_phone=&#8221;14px&#8221; text_font_size_last_edited=&#8221;on|phone&#8221; header_2_font_size_tablet=&#8221;25px&#8221; header_2_font_size_phone=&#8221;25px&#8221; header_2_font_size_last_edited=&#8221;on|phone&#8221; global_colors_info=&#8221;{%22gcid-5d3b594c-fc4d-4a76-a5da-127cc13dd666%22:%91%22header_2_text_color%22,%22header_2_text_color%22,%22header_2_text_color%22%93,%22gcid-primary-color%22:%91%22header_text_color%22,%22header_4_text_color%22%93,%22gcid-secondary-color%22:%91%22text_text_color%22%93}&#8221;]<\/p>\n<h2>2026 &#8211; Mindful met je baby<\/h2>\n<h2>introductie-workshop<\/h2>\n<p>29 mei 2026<br \/>13:00-15:30u<\/p>\n<p>Locatie: Utrechts Yogacentrum, <span>Blauwkapelseweg 115 3572 KE Utrecht<br \/><a href=\"https:\/\/www.utrechtsyogacentrum.nl\/\">https:\/\/www.utrechtsyogacentrum.nl\/\u00a0<\/a><\/span><\/p>\n<p>Kosten:<br \/>\u20ac65,- voor \u00e9\u00e9n ouder \u00e9n baby<br \/>\u20ac85,- voor beide ouders \u00e9n baby samen<\/p>\n<p><span>In samenwerking met Rozemarijn van Pag\u00e9e<br \/><a href=\"https:\/\/kjputrecht.nl\/rozemarijn-van-pagee\/\">https:\/\/kjputrecht.nl\/rozemarijn-van-pagee\/<\/a>\u00a0<\/span><\/p>\n<p>&nbsp;<\/p>\n<p>[\/et_pb_text][\/et_pb_column][et_pb_column type=&#8221;2_5&#8243; _builder_version=&#8221;4.16&#8243; custom_padding=&#8221;40px|||&#8221; global_colors_info=&#8221;{}&#8221; custom_padding__hover=&#8221;|||&#8221;][et_pb_button button_url=&#8221;mailto:info@mindfulnessvancommenee.nl?subject=Aanmelden%20Mindful-met-je-baby-introductieworkshop&#8221; button_text=&#8221;Klik hier om je aan te melden&#8221; button_alignment=&#8221;left&#8221; _builder_version=&#8221;4.27.4&#8243; custom_button=&#8221;on&#8221; button_text_size=&#8221;15px&#8221; button_text_color=&#8221;#ffffff&#8221; button_bg_color=&#8221;#c87968&#8243; button_border_width=&#8221;0px&#8221; button_border_color=&#8221;#383838&#8243; button_border_radius=&#8221;0px&#8221; button_font=&#8221;&#8211;et_global_body_font||||||||&#8221; button_use_icon=&#8221;off&#8221; custom_margin=&#8221;|30px||30px|false|true&#8221; custom_margin_tablet=&#8221;|30px||30px|false|true&#8221; custom_margin_phone=&#8221;|0px||0px|false|true&#8221; custom_margin_last_edited=&#8221;on|phone&#8221; custom_padding=&#8221;17px|30px|17px|30px|true|true&#8221; custom_padding_tablet=&#8221;17px|30px|17px|30px|true|true&#8221; custom_padding_phone=&#8221;15px|20px|15px|20px|true|true&#8221; custom_padding_last_edited=&#8221;on|phone&#8221; button_text_size_tablet=&#8221;15px&#8221; button_text_size_phone=&#8221;14px&#8221; button_text_size_last_edited=&#8221;on|phone&#8221; button_font_tablet=&#8221;Poppins|||on|||||&#8221; button_font_phone=&#8221;Poppins|||on|||||&#8221; button_font_last_edited=&#8221;on|desktop&#8221; button_text_color_hover=&#8221;#ffffff&#8221; button_border_color_hover=&#8221;#3FA2F7 &#8221; button_letter_spacing_hover=&#8221;3px&#8221; button_bg_color_hover=&#8221;#3FA2F7 &#8221; global_colors_info=&#8221;{%22gcid-5d3b594c-fc4d-4a76-a5da-127cc13dd666%22:%91%22button_bg_color__hover%22,%22button_bg_color__hover%22,%22button_border_color__hover%22%93}&#8221; button_text_size__hover_enabled=&#8221;off&#8221; button_one_text_size__hover_enabled=&#8221;off&#8221; button_two_text_size__hover_enabled=&#8221;off&#8221; button_text_color__hover_enabled=&#8221;on&#8221; button_text_color__hover=&#8221;#000000&#8243; button_one_text_color__hover_enabled=&#8221;off&#8221; button_two_text_color__hover_enabled=&#8221;off&#8221; button_border_width__hover_enabled=&#8221;off&#8221; button_one_border_width__hover_enabled=&#8221;off&#8221; button_two_border_width__hover_enabled=&#8221;off&#8221; button_border_color__hover_enabled=&#8221;on&#8221; button_border_color__hover=&#8221;#bfbfbf&#8221; button_one_border_color__hover_enabled=&#8221;off&#8221; button_two_border_color__hover_enabled=&#8221;off&#8221; button_border_radius__hover_enabled=&#8221;on|desktop&#8221; button_one_border_radius__hover_enabled=&#8221;off&#8221; button_two_border_radius__hover_enabled=&#8221;off&#8221; button_letter_spacing__hover_enabled=&#8221;on|hover&#8221; button_letter_spacing__hover=&#8221;&#8221; button_one_letter_spacing__hover_enabled=&#8221;off&#8221; button_two_letter_spacing__hover_enabled=&#8221;off&#8221; button_bg_color__hover_enabled=&#8221;on|hover&#8221; button_bg_color__hover=&#8221;#c87968&#8243; button_one_bg_color__hover_enabled=&#8221;off&#8221; button_two_bg_color__hover_enabled=&#8221;off&#8221; button_bg_enable_color__hover=&#8221;on&#8221; button_border_radius__hover=&#8221;0px&#8221;][\/et_pb_button][\/et_pb_column][\/et_pb_row][\/et_pb_section][et_pb_section fb_built=&#8221;1&#8243; admin_label=&#8221;1&#8243; _builder_version=&#8221;4.27.4&#8243; background_color=&#8221;#FFFFFF&#8221; global_colors_info=&#8221;{}&#8221;][et_pb_row column_structure=&#8221;3_5,2_5&#8243; _builder_version=&#8221;4.27.4&#8243; custom_padding=&#8221;40px|0px|40px|0px|true|false&#8221; animation_direction=&#8221;right&#8221; border_color_all=&#8221;rgba(0,0,0,0.12)&#8221; border_width_bottom=&#8221;1px&#8221; global_colors_info=&#8221;{}&#8221;][et_pb_column type=&#8221;3_5&#8243; _builder_version=&#8221;4.16&#8243; custom_padding=&#8221;|||&#8221; global_colors_info=&#8221;{}&#8221; custom_padding__hover=&#8221;|||&#8221;][et_pb_heading title=&#8221;Voorgaand aanbod&#8221; _builder_version=&#8221;4.27.4&#8243; _module_preset=&#8221;default&#8221; global_colors_info=&#8221;{}&#8221;][\/et_pb_heading][et_pb_text _builder_version=&#8221;4.27.4&#8243; text_text_color=&#8221;gcid-secondary-color&#8221; header_font=&#8221;||||||||&#8221; header_text_color=&#8221;gcid-primary-color&#8221; header_2_font=&#8221;&#8211;et_global_heading_font|600|||||||&#8221; header_2_font_size=&#8221;30px&#8221; header_4_font=&#8221;|700|||||||&#8221; header_4_text_color=&#8221;gcid-primary-color&#8221; header_4_font_size=&#8221;35px&#8221; header_4_line_height=&#8221;1.3em&#8221; text_font_size_tablet=&#8221;&#8221; text_font_size_phone=&#8221;14px&#8221; text_font_size_last_edited=&#8221;on|phone&#8221; header_2_font_size_tablet=&#8221;25px&#8221; header_2_font_size_phone=&#8221;25px&#8221; header_2_font_size_last_edited=&#8221;on|phone&#8221; global_colors_info=&#8221;{%22gcid-5d3b594c-fc4d-4a76-a5da-127cc13dd666%22:%91%22header_2_text_color%22,%22header_2_text_color%22,%22header_2_text_color%22%93,%22gcid-primary-color%22:%91%22header_text_color%22,%22header_4_text_color%22%93,%22gcid-secondary-color%22:%91%22text_text_color%22%93}&#8221;]<\/p>\n<h2>2026 &#8211; Rust en Natuur dagretraite<\/h2>\n<p>11 april 2026<\/p>\n<p>Het Noordenlicht, Schoonoord.<\/p>\n<p>&nbsp;<\/p>\n<p>[\/et_pb_text][\/et_pb_column][et_pb_column type=&#8221;2_5&#8243; _builder_version=&#8221;4.16&#8243; custom_padding=&#8221;40px|||&#8221; global_colors_info=&#8221;{}&#8221; custom_padding__hover=&#8221;|||&#8221;][\/et_pb_column][\/et_pb_row][et_pb_row _builder_version=&#8221;4.27.4&#8243; _module_preset=&#8221;default&#8221; global_colors_info=&#8221;{}&#8221;][et_pb_column type=&#8221;4_4&#8243; _builder_version=&#8221;4.27.4&#8243; _module_preset=&#8221;default&#8221; global_colors_info=&#8221;{}&#8221;][et_pb_text _builder_version=&#8221;4.27.4&#8243; text_text_color=&#8221;gcid-secondary-color&#8221; header_font=&#8221;&#8211;et_global_heading_font||||||||&#8221; header_text_color=&#8221;gcid-primary-color&#8221; header_2_font=&#8221;&#8211;et_global_heading_font|600|||||||&#8221; header_2_font_size=&#8221;30px&#8221; header_4_font=&#8221;|700|||||||&#8221; header_4_text_color=&#8221;gcid-primary-color&#8221; header_4_font_size=&#8221;35px&#8221; header_4_line_height=&#8221;1.3em&#8221; width=&#8221;100%&#8221; text_font_size_tablet=&#8221;&#8221; text_font_size_phone=&#8221;14px&#8221; text_font_size_last_edited=&#8221;on|phone&#8221; header_2_font_size_tablet=&#8221;25px&#8221; header_2_font_size_phone=&#8221;25px&#8221; header_2_font_size_last_edited=&#8221;on|phone&#8221; global_colors_info=&#8221;{%22gcid-5d3b594c-fc4d-4a76-a5da-127cc13dd666%22:%91%22header_2_text_color%22,%22header_2_text_color%22,%22header_2_text_color%22%93,%22gcid-primary-color%22:%91%22header_text_color%22,%22header_4_text_color%22%93,%22gcid-secondary-color%22:%91%22text_text_color%22%93}&#8221;]<\/p>\n<h2>2026 &#8211; Mindfulness Stilte Retraite<\/h2>\n<p>6 t\/m 8 maart 2026<\/p>\n<p>Locatie: Kuti Wildlife Reserve, Salima, Malawi<\/p>\n<p>&nbsp;<\/p>\n<p>&nbsp;<\/p>\n<p>[\/et_pb_text][et_pb_text _builder_version=&#8221;4.27.4&#8243; text_text_color=&#8221;gcid-secondary-color&#8221; header_font=&#8221;||||||||&#8221; header_text_color=&#8221;gcid-primary-color&#8221; header_2_font=&#8221;&#8211;et_global_heading_font|600|||||||&#8221; header_2_font_size=&#8221;30px&#8221; header_4_font=&#8221;|700|||||||&#8221; header_4_text_color=&#8221;gcid-primary-color&#8221; header_4_font_size=&#8221;35px&#8221; header_4_line_height=&#8221;1.3em&#8221; text_font_size_tablet=&#8221;&#8221; text_font_size_phone=&#8221;14px&#8221; text_font_size_last_edited=&#8221;on|phone&#8221; header_2_font_size_tablet=&#8221;25px&#8221; header_2_font_size_phone=&#8221;25px&#8221; header_2_font_size_last_edited=&#8221;on|phone&#8221; global_colors_info=&#8221;{%22gcid-5d3b594c-fc4d-4a76-a5da-127cc13dd666%22:%91%22header_2_text_color%22,%22header_2_text_color%22,%22header_2_text_color%22%93,%22gcid-primary-color%22:%91%22header_text_color%22,%22header_4_text_color%22%93,%22gcid-secondary-color%22:%91%22text_text_color%22%93}&#8221;]<\/p>\n<h2>2026 &#8211; Mindful Ouderschap training\u00a0<\/h2>\n<p>Vrijdag 16, 23, 30 januari. 6, 13, 27, februari. 6 &amp; 13 maart 2026<\/p>\n<p><span>\u00a0<\/span><\/p>\n<p>[\/et_pb_text][\/et_pb_column][\/et_pb_row][et_pb_row _builder_version=&#8221;4.27.4&#8243; custom_padding=&#8221;40px|0px|40px|0px|true|false&#8221; animation_direction=&#8221;right&#8221; border_color_all=&#8221;rgba(0,0,0,0.12)&#8221; border_width_bottom=&#8221;1px&#8221; global_colors_info=&#8221;{}&#8221;][et_pb_column type=&#8221;4_4&#8243; _builder_version=&#8221;4.16&#8243; custom_padding=&#8221;|||&#8221; global_colors_info=&#8221;{}&#8221; custom_padding__hover=&#8221;|||&#8221;][et_pb_text _builder_version=&#8221;4.27.4&#8243; text_text_color=&#8221;gcid-secondary-color&#8221; header_font=&#8221;&#8211;et_global_heading_font||||||||&#8221; header_text_color=&#8221;gcid-primary-color&#8221; header_2_font=&#8221;&#8211;et_global_heading_font|600|||||||&#8221; header_2_font_size=&#8221;30px&#8221; header_4_font=&#8221;|700|||||||&#8221; header_4_text_color=&#8221;gcid-primary-color&#8221; header_4_font_size=&#8221;35px&#8221; header_4_line_height=&#8221;1.3em&#8221; custom_padding=&#8221;||0px|||&#8221; text_font_size_tablet=&#8221;&#8221; text_font_size_phone=&#8221;14px&#8221; text_font_size_last_edited=&#8221;on|phone&#8221; header_2_font_size_tablet=&#8221;25px&#8221; header_2_font_size_phone=&#8221;25px&#8221; header_2_font_size_last_edited=&#8221;on|phone&#8221; global_colors_info=&#8221;{%22gcid-5d3b594c-fc4d-4a76-a5da-127cc13dd666%22:%91%22header_2_text_color%22,%22header_2_text_color%22,%22header_2_text_color%22%93,%22gcid-primary-color%22:%91%22header_text_color%22,%22header_4_text_color%22%93,%22gcid-secondary-color%22:%91%22text_text_color%22%93}&#8221;]<\/p>\n<h2>2025 &#8211; 5 daagse Mindfulness Stilte Retraite<\/h2>\n<p>13-17 oktober 2025<\/p>\n<p>Locatie: Kuti Wildlife Reserve, Salima, Malawi<\/p>\n<p>[\/et_pb_text][\/et_pb_column][\/et_pb_row][\/et_pb_section]<\/p>","protected":false},"excerpt":{"rendered":"<p>Agenda Heb je interesse in \u00e9\u00e9n van de Mindfulness trainingen die ik aanbied, maar staat er geen passende datum in de agenda? Je mag altijd vrijblijvend contact met me opnemen om de mogelijkheden te bespreken.2026 &#8211; Mindful met je baby introductie-workshop 29 mei 202613:00-15:30u Locatie: Utrechts Yogacentrum, Blauwkapelseweg 115 3572 KE Utrechthttps:\/\/www.utrechtsyogacentrum.nl\/\u00a0 Kosten:\u20ac65,- voor \u00e9\u00e9n [&hellip;]<\/p>","protected":false},"author":5,"featured_media":0,"parent":0,"menu_order":0,"comment_status":"closed","ping_status":"closed","template":"","meta":{"_et_pb_use_builder":"on","_et_pb_old_content":"","_et_gb_content_width":"","footnotes":""},"class_list":["post-60","page","type-page","status-publish","hentry"],"yoast_head":"<!-- This site is optimized with the Yoast SEO plugin v26.6 - https:\/\/yoast.com\/wordpress\/plugins\/seo\/ -->\n<title>Agenda Mindfulness Trainingen en Retraites<\/title>\n<meta name=\"description\" content=\"Bekijk de agenda voor aankomende mindfulness trainingen en retraites. Ontdek data voor activiteiten zoals &quot;Mindful met je baby&quot;, &quot;Dagretraite &#039;Rust en Natuur&#039;&quot;, en &quot;Mindful Ouderschap&quot;. Meld je aan of neem contact op voor meer informatie.\" \/>\n<meta name=\"robots\" content=\"index, follow, max-snippet:-1, max-image-preview:large, max-video-preview:-1\" \/>\n<link rel=\"canonical\" href=\"https:\/\/mindfulnessvancommenee.nl\/en\/agenda\/\" \/>\n<meta property=\"og:locale\" content=\"en_US\" \/>\n<meta property=\"og:type\" content=\"article\" \/>\n<meta property=\"og:title\" content=\"Agenda Mindfulness Trainingen en Retraites\" \/>\n<meta property=\"og:description\" content=\"Bekijk de agenda voor aankomende mindfulness trainingen en retraites. Ontdek data voor activiteiten zoals &quot;Mindful met je baby&quot;, &quot;Dagretraite &#039;Rust en Natuur&#039;&quot;, en &quot;Mindful Ouderschap&quot;. Meld je aan of neem contact op voor meer informatie.\" \/>\n<meta property=\"og:url\" content=\"https:\/\/mindfulnessvancommenee.nl\/en\/agenda\/\" \/>\n<meta property=\"og:site_name\" content=\"Mindfulness van Commenee\" \/>\n<meta property=\"article:modified_time\" content=\"2026-04-13T11:39:53+00:00\" \/>\n<meta name=\"twitter:card\" content=\"summary_large_image\" \/>\n<meta name=\"twitter:label1\" content=\"Est. reading time\" \/>\n\t<meta name=\"twitter:data1\" content=\"3 minutes\" \/>\n<script type=\"application\/ld+json\" class=\"yoast-schema-graph\">{\"@context\":\"https:\/\/schema.org\",\"@graph\":[{\"@type\":\"WebPage\",\"@id\":\"https:\/\/mindfulnessvancommenee.nl\/agenda\/\",\"url\":\"https:\/\/mindfulnessvancommenee.nl\/agenda\/\",\"name\":\"Agenda Mindfulness Trainingen en Retraites\",\"isPartOf\":{\"@id\":\"\/#website\"},\"datePublished\":\"2025-04-25T09:54:13+00:00\",\"dateModified\":\"2026-04-13T11:39:53+00:00\",\"description\":\"Bekijk de agenda voor aankomende mindfulness trainingen en retraites. Ontdek data voor activiteiten zoals \\\"Mindful met je baby\\\", \\\"Dagretraite 'Rust en Natuur'\\\", en \\\"Mindful Ouderschap\\\". Meld je aan of neem contact op voor meer informatie.\",\"breadcrumb\":{\"@id\":\"https:\/\/mindfulnessvancommenee.nl\/agenda\/#breadcrumb\"},\"inLanguage\":\"en-US\",\"potentialAction\":[{\"@type\":\"ReadAction\",\"target\":[\"https:\/\/mindfulnessvancommenee.nl\/agenda\/\"]}]},{\"@type\":\"BreadcrumbList\",\"@id\":\"https:\/\/mindfulnessvancommenee.nl\/agenda\/#breadcrumb\",\"itemListElement\":[{\"@type\":\"ListItem\",\"position\":1,\"name\":\"Home\",\"item\":\"https:\/\/mindfulnessvancommenee.nl\/\"},{\"@type\":\"ListItem\",\"position\":2,\"name\":\"Agenda\"}]},{\"@type\":\"WebSite\",\"@id\":\"\/#website\",\"url\":\"\/\",\"name\":\"Mindfulness van Commenee\",\"description\":\"\",\"potentialAction\":[{\"@type\":\"SearchAction\",\"target\":{\"@type\":\"EntryPoint\",\"urlTemplate\":\"\/?s={search_term_string}\"},\"query-input\":{\"@type\":\"PropertyValueSpecification\",\"valueRequired\":true,\"valueName\":\"search_term_string\"}}],\"inLanguage\":\"en-US\"}]}<\/script>\n<!-- \/ Yoast SEO plugin. -->","yoast_head_json":{"title":"Agenda Mindfulness Trainingen en Retraites","description":"Bekijk de agenda voor aankomende mindfulness trainingen en retraites. Ontdek data voor activiteiten zoals \"Mindful met je baby\", \"Dagretraite 'Rust en Natuur'\", en \"Mindful Ouderschap\". Meld je aan of neem contact op voor meer informatie.","robots":{"index":"index","follow":"follow","max-snippet":"max-snippet:-1","max-image-preview":"max-image-preview:large","max-video-preview":"max-video-preview:-1"},"canonical":"https:\/\/mindfulnessvancommenee.nl\/en\/agenda\/","og_locale":"en_US","og_type":"article","og_title":"Agenda Mindfulness Trainingen en Retraites","og_description":"Bekijk de agenda voor aankomende mindfulness trainingen en retraites. Ontdek data voor activiteiten zoals \"Mindful met je baby\", \"Dagretraite 'Rust en Natuur'\", en \"Mindful Ouderschap\". Meld je aan of neem contact op voor meer informatie.","og_url":"https:\/\/mindfulnessvancommenee.nl\/en\/agenda\/","og_site_name":"Mindfulness van Commenee","article_modified_time":"2026-04-13T11:39:53+00:00","twitter_card":"summary_large_image","twitter_misc":{"Est. reading time":"3 minutes"},"schema":{"@context":"https:\/\/schema.org","@graph":[{"@type":"WebPage","@id":"https:\/\/mindfulnessvancommenee.nl\/agenda\/","url":"https:\/\/mindfulnessvancommenee.nl\/agenda\/","name":"Agenda Mindfulness Trainingen en Retraites","isPartOf":{"@id":"\/#website"},"datePublished":"2025-04-25T09:54:13+00:00","dateModified":"2026-04-13T11:39:53+00:00","description":"Bekijk de agenda voor aankomende mindfulness trainingen en retraites. Ontdek data voor activiteiten zoals \"Mindful met je baby\", \"Dagretraite 'Rust en Natuur'\", en \"Mindful Ouderschap\". Meld je aan of neem contact op voor meer informatie.","breadcrumb":{"@id":"https:\/\/mindfulnessvancommenee.nl\/agenda\/#breadcrumb"},"inLanguage":"en-US","potentialAction":[{"@type":"ReadAction","target":["https:\/\/mindfulnessvancommenee.nl\/agenda\/"]}]},{"@type":"BreadcrumbList","@id":"https:\/\/mindfulnessvancommenee.nl\/agenda\/#breadcrumb","itemListElement":[{"@type":"ListItem","position":1,"name":"Home","item":"https:\/\/mindfulnessvancommenee.nl\/"},{"@type":"ListItem","position":2,"name":"Agenda"}]},{"@type":"WebSite","@id":"\/#website","url":"\/","name":"Mindfulness by Commenee","description":"","potentialAction":[{"@type":"SearchAction","target":{"@type":"EntryPoint","urlTemplate":"\/?s={search_term_string}"},"query-input":{"@type":"PropertyValueSpecification","valueRequired":true,"valueName":"search_term_string"}}],"inLanguage":"en-US"}]}},"jetpack_sharing_enabled":true,"_links":{"self":[{"href":"https:\/\/mindfulnessvancommenee.nl\/en\/wp-json\/wp\/v2\/pages\/60","targetHints":{"allow":["GET"]}}],"collection":[{"href":"https:\/\/mindfulnessvancommenee.nl\/en\/wp-json\/wp\/v2\/pages"}],"about":[{"href":"https:\/\/mindfulnessvancommenee.nl\/en\/wp-json\/wp\/v2\/types\/page"}],"author":[{"embeddable":true,"href":"https:\/\/mindfulnessvancommenee.nl\/en\/wp-json\/wp\/v2\/users\/5"}],"replies":[{"embeddable":true,"href":"https:\/\/mindfulnessvancommenee.nl\/en\/wp-json\/wp\/v2\/comments?post=60"}],"version-history":[{"count":0,"href":"https:\/\/mindfulnessvancommenee.nl\/en\/wp-json\/wp\/v2\/pages\/60\/revisions"}],"wp:attachment":[{"href":"https:\/\/mindfulnessvancommenee.nl\/en\/wp-json\/wp\/v2\/media?parent=60"}],"curies":[{"name":"wp","href":"https:\/\/api.w.org\/{rel}","templated":true}]}}